{"id":851,"date":"2022-06-23T23:55:01","date_gmt":"2022-06-23T23:55:01","guid":{"rendered":"https:\/\/sandrabenavidescoach.com\/?post_type=project&#038;p=851"},"modified":"2022-07-04T16:33:02","modified_gmt":"2022-07-04T16:33:02","slug":"comunicacion-asertiva","status":"publish","type":"project","link":"https:\/\/sandrabenavidescoach.com\/index.php\/project\/comunicacion-asertiva\/","title":{"rendered":"COMUNICACI\u00d3N ASERTIVA"},"content":{"rendered":"<p>[et_pb_section fb_built=\u00bb1&#8243; disabled_on=\u00bboff|off|off\u00bb _builder_version=\u00bb4.17.3&#8243; _module_preset=\u00bbdefault\u00bb sticky_position=\u00bbnone\u00bb global_colors_info=\u00bb{}\u00bb][et_pb_row _builder_version=\u00bb4.16.1&#8243; _module_preset=\u00bbdefault\u00bb global_colors_info=\u00bb{}\u00bb][et_pb_column type=\u00bb4_4&#8243; _builder_version=\u00bb4.16.1&#8243; _module_preset=\u00bbdefault\u00bb global_colors_info=\u00bb{}\u00bb][et_pb_post_title meta=\u00bboff\u00bb featured_image=\u00bboff\u00bb _builder_version=\u00bb4.17.4&#8243; _module_preset=\u00bbdefault\u00bb title_font=\u00bb||||on||||\u00bb title_text_align=\u00bbcenter\u00bb title_text_color=\u00bb#DAC079&#8243; title_font_size=\u00bb19px\u00bb title_letter_spacing=\u00bb2px\u00bb text_orientation=\u00bbcenter\u00bb custom_padding=\u00bb21px||||false|false\u00bb global_colors_info=\u00bb{}\u00bb][\/et_pb_post_title][\/et_pb_column][\/et_pb_row][\/et_pb_section][et_pb_section fb_built=\u00bb1&#8243; _builder_version=\u00bb4.17.3&#8243; _module_preset=\u00bbdefault\u00bb background_color=\u00bb#ffffff\u00bb custom_margin=\u00bb0px||||false|false\u00bb custom_padding=\u00bb0px||||false|false\u00bb sticky_position=\u00bbnone\u00bb box_shadow_style=\u00bbpreset1&#8243; locked=\u00bboff\u00bb global_colors_info=\u00bb{}\u00bb][et_pb_row _builder_version=\u00bb4.17.3&#8243; _module_preset=\u00bbdefault\u00bb custom_margin=\u00bb0px||||false|false\u00bb custom_padding=\u00bb0px||||false|false\u00bb global_colors_info=\u00bb{}\u00bb][et_pb_column type=\u00bb4_4&#8243; _builder_version=\u00bb4.17.3&#8243; _module_preset=\u00bbdefault\u00bb custom_padding=\u00bb0px||||false|false\u00bb global_colors_info=\u00bb{}\u00bb][et_pb_text admin_label=\u00bbSubtitulo\u00bb _builder_version=\u00bb4.17.3&#8243; _module_preset=\u00bbdefault\u00bb custom_margin=\u00bb0px||||false|false\u00bb custom_padding=\u00bb0px||21px||false|false\u00bb global_colors_info=\u00bb{}\u00bb]<\/p>\n<h2 class=\"font_2\" style=\"text-align: center; color: #dac079; font-size: 30px; padding-top: 30px;\"><span>\u201cNo es lo que dices sino c\u00f3mo lo dices, mejorando tu comunicaci\u00f3n mejoras tus relaciones\u201d<\/span><\/h2>\n<p>[\/et_pb_text][\/et_pb_column][\/et_pb_row][et_pb_row column_structure=\u00bb1_2,1_2&#8243; _builder_version=\u00bb4.17.4&#8243; _module_preset=\u00bbdefault\u00bb custom_padding=\u00bb0px||20px||false|false\u00bb global_colors_info=\u00bb{}\u00bb][et_pb_column type=\u00bb1_2&#8243; _builder_version=\u00bb4.16.1&#8243; _module_preset=\u00bbdefault\u00bb global_colors_info=\u00bb{}\u00bb][et_pb_image src=\u00bbhttp:\/\/sandrabenavidescoach.com\/wp-content\/uploads\/2022\/06\/imagen_2022-06-23_191602773.png\u00bb title_text=\u00bbimagen_2022-06-23_191602773&#8243; _builder_version=\u00bb4.17.4&#8243; _module_preset=\u00bbdefault\u00bb custom_padding=\u00bb0px||||false|false\u00bb global_colors_info=\u00bb{}\u00bb][\/et_pb_image][\/et_pb_column][et_pb_column type=\u00bb1_2&#8243; _builder_version=\u00bb4.16.1&#8243; _module_preset=\u00bbdefault\u00bb global_colors_info=\u00bb{}\u00bb][et_pb_text _builder_version=\u00bb4.17.4&#8243; _module_preset=\u00bbdefault\u00bb custom_padding=\u00bb1px|||50px|false|false\u00bb global_colors_info=\u00bb{}\u00bb]<\/p>\n<p style=\"font-weight: 400;\">La comunicaci\u00f3n es una de las habilidades m\u00e1s demandadas en los \u00faltimos a\u00f1os, desarrollarla, implementarla y mejorarla en nuestro d\u00eda a d\u00eda es crucial para entablar mejores relaciones personales Y profesionales.<\/p>\n<p style=\"font-weight: 400;\">Cuando entendemos a la persona con quien<span>\u00a0<\/span>hablamos nuestra comunicaci\u00f3n se vuelve mucho m\u00e1s eficiente,<span>\u00a0<\/span>tiene que ver con la capacidad de expresarse verbal y pre verbalmente en forma apropiada, a la cultura, valores y a las diferentes situaciones. Una comunicaci\u00f3n asertiva implica un conjunto de pensamientos, sentimientos y acciones que ayudan a una persona a alcanzar sus objetivos personales, profesionales y sociales.<\/p>\n<p style=\"font-weight: 400;\">\u00a1Refuerza tu discurso y genera el impacto que quieres en los dem\u00e1s por medio de la asertividad!<\/p>\n<p>[\/et_pb_text][\/et_pb_column][\/et_pb_row][et_pb_row _builder_version=\u00bb4.17.4&#8243; _module_preset=\u00bbdefault\u00bb custom_padding=\u00bb0px||20px||false|false\u00bb global_colors_info=\u00bb{}\u00bb][et_pb_column type=\u00bb4_4&#8243; _builder_version=\u00bb4.16.1&#8243; _module_preset=\u00bbdefault\u00bb global_colors_info=\u00bb{}\u00bb][et_pb_text _builder_version=\u00bb4.17.4&#8243; _module_preset=\u00bbdefault\u00bb custom_padding=\u00bb|||50px|false|false\u00bb hover_enabled=\u00bb0&#8243; global_colors_info=\u00bb{}\u00bb sticky_enabled=\u00bb0&#8243;]<\/p>\n<p style=\"font-weight: 400;\">Dirigido a : Estudiantes, profesionales, directivos, gerentes de \u00e1rea \u00a0y p\u00fablico en general que deseen aprender y mejorar habilidades para comunicar, desarrollando la empat\u00eda y el respeto hacia los dem\u00e1s, que deseen conocer el proceso de comunicaci\u00f3n y su incidencia en las relaciones interpersonales, para lograr que su mensaje sea entendido en todos los \u00e1mbitos.<\/p>\n<p style=\"font-weight: 400;\">\u201cPor falta de una comunicaci\u00f3n asertiva y estrat\u00e9gica se presentan dificultades en las organizaciones y a nivel profesional o personal que impiden cumplir objetivos y relacionarse.\u00a0 Es una habilidad que tu tambien puedes desarrollar y entrenar.<\/p>\n<ul class=\"fa-ul\">\n<li><span class=\"fa-li\"><i class=\"fa-solid fa-check-square\"><\/i><\/span><span>Modalidad Virtual\u00a0 45 USD<\/span><\/li>\n<li><span class=\"fa-li\"><i class=\"fa-solid fa-check-square\"><\/i><\/span><span>Presencial (Capacitaciones a personal de empresas o grupos)<\/span><\/li>\n<li><span class=\"fa-li\"><i class=\"fa-solid fa-check-square\"><\/i><\/span><span>Precio\u00a0 35 USD<\/span><\/li>\n<li><span class=\"fa-li\"><i class=\"fa-solid fa-check-square\"><\/i><\/span><span>Presencial (Capacitaciones a personal de empresas o grupos)<\/span><\/li>\n<\/ul>\n<p>[\/et_pb_text][\/et_pb_column][\/et_pb_row][\/et_pb_section][et_pb_section fb_built=\u00bb1&#8243; _builder_version=\u00bb4.17.4&#8243; _module_preset=\u00bbdefault\u00bb custom_margin=\u00bb||0px||false|false\u00bb custom_padding=\u00bb||||false|false\u00bb box_shadow_style=\u00bbpreset1&#8243; global_colors_info=\u00bb{}\u00bb][et_pb_row use_custom_gutter=\u00bbon\u00bb _builder_version=\u00bb4.17.4&#8243; _module_preset=\u00bbdefault\u00bb custom_padding=\u00bb20px||||false|false\u00bb locked=\u00bboff\u00bb global_colors_info=\u00bb{}\u00bb][et_pb_column type=\u00bb4_4&#8243; _builder_version=\u00bb4.16.1&#8243; _module_preset=\u00bbdefault\u00bb custom_padding=\u00bb|10px||0px|false|false\u00bb global_colors_info=\u00bb{}\u00bb][et_pb_button button_url=\u00bbhttps:\/\/sandrabenavidescoach.com\/index.php\/contactenos\/#contacto\u00bb button_text=\u00bbComprar curso\u00bb button_alignment=\u00bbcenter\u00bb module_class=\u00bbboton-leer-mas1&#8243; _builder_version=\u00bb4.17.4&#8243; _module_preset=\u00bbdefault\u00bb custom_button=\u00bbon\u00bb button_text_size=\u00bb16px\u00bb button_text_color=\u00bb#666666&#8243; button_bg_color=\u00bb#DAC079&#8243; button_border_width=\u00bb0px\u00bb button_border_color=\u00bb#d8d8d8&#8243; button_border_radius=\u00bb0px\u00bb button_use_icon=\u00bboff\u00bb custom_margin=\u00bb||16px||false|false\u00bb custom_padding=\u00bb3px||3px||false|true\u00bb locked=\u00bboff\u00bb global_colors_info=\u00bb{}\u00bb button_text_color__hover_enabled=\u00bbon|hover\u00bb button_text_color__hover=\u00bb#e8e8e8&#8243; button_bg_color__hover_enabled=\u00bbon|desktop\u00bb button_bg_color__hover=\u00bbrgba(51,51,51,0.58)\u00bb button_bg_enable_color__hover=\u00bbon\u00bb][\/et_pb_button][\/et_pb_column][\/et_pb_row][\/et_pb_section][et_pb_section fb_built=\u00bb1&#8243; _builder_version=\u00bb4.17.3&#8243; _module_preset=\u00bbdefault\u00bb sticky_position=\u00bbnone\u00bb locked=\u00bboff\u00bb global_colors_info=\u00bb{}\u00bb][et_pb_row use_custom_gutter=\u00bbon\u00bb _builder_version=\u00bb4.17.3&#8243; _module_preset=\u00bbdefault\u00bb custom_padding=\u00bb20px||||false|false\u00bb locked=\u00bboff\u00bb global_colors_info=\u00bb{}\u00bb][et_pb_column type=\u00bb4_4&#8243; _builder_version=\u00bb4.16.1&#8243; _module_preset=\u00bbdefault\u00bb custom_padding=\u00bb|10px||0px|false|false\u00bb global_colors_info=\u00bb{}\u00bb][et_pb_text _builder_version=\u00bb4.17.4&#8243; _module_preset=\u00bbdefault\u00bb text_text_color=\u00bb#DAC079&#8243; custom_padding=\u00bb10px||30px||false|false\u00bb locked=\u00bboff\u00bb global_colors_info=\u00bb{}\u00bb]<\/p>\n<h2 style=\"text-align: center; font-size: 30px;\">M\u00c1S CURSOS<\/h2>\n<p>[\/et_pb_text][et_pb_portfolio fullwidth=\u00bboff\u00bb posts_number=\u00bb3&#8243; include_categories=\u00bb32&#8243; show_categories=\u00bboff\u00bb show_pagination=\u00bboff\u00bb _builder_version=\u00bb4.17.4&#8243; _module_preset=\u00bbdefault\u00bb title_text_align=\u00bbcenter\u00bb title_text_color=\u00bb#D8AF3C\u00bb title_font_size=\u00bb22px\u00bb custom_padding=\u00bb||20px||false|false\u00bb border_width_all_image=\u00bb6px\u00bb border_color_all_image=\u00bb#ffffff\u00bb global_colors_info=\u00bb{}\u00bb][\/et_pb_portfolio][\/et_pb_column][\/et_pb_row][\/et_pb_section]<\/p>\n","protected":false},"excerpt":{"rendered":"<p>\u201cNo es lo que dices sino c\u00f3mo lo dices, mejorando tu comunicaci\u00f3n mejoras tus relaciones\u201dLa comunicaci\u00f3n es una de las habilidades m\u00e1s demandadas en los \u00faltimos a\u00f1os, desarrollarla, implementarla y mejorarla en nuestro d\u00eda a d\u00eda es crucial para entablar mejores relaciones personales Y profesionales. Cuando entendemos a la persona con quien\u00a0hablamos nuestra comunicaci\u00f3n se [&hellip;]<\/p>\n","protected":false},"author":1,"featured_media":858,"comment_status":"open","ping_status":"closed","template":"","meta":{"_et_pb_use_builder":"on","_et_pb_old_content":"","_et_gb_content_width":"","footnotes":""},"project_category":[32],"project_tag":[],"class_list":["post-851","project","type-project","status-publish","has-post-thumbnail","hentry","project_category-cursos"],"jetpack_sharing_enabled":true,"_links":{"self":[{"href":"https:\/\/sandrabenavidescoach.com\/index.php\/wp-json\/wp\/v2\/project\/851","targetHints":{"allow":["GET"]}}],"collection":[{"href":"https:\/\/sandrabenavidescoach.com\/index.php\/wp-json\/wp\/v2\/project"}],"about":[{"href":"https:\/\/sandrabenavidescoach.com\/index.php\/wp-json\/wp\/v2\/types\/project"}],"author":[{"embeddable":true,"href":"https:\/\/sandrabenavidescoach.com\/index.php\/wp-json\/wp\/v2\/users\/1"}],"replies":[{"embeddable":true,"href":"https:\/\/sandrabenavidescoach.com\/index.php\/wp-json\/wp\/v2\/comments?post=851"}],"version-history":[{"count":0,"href":"https:\/\/sandrabenavidescoach.com\/index.php\/wp-json\/wp\/v2\/project\/851\/revisions"}],"wp:featuredmedia":[{"embeddable":true,"href":"https:\/\/sandrabenavidescoach.com\/index.php\/wp-json\/wp\/v2\/media\/858"}],"wp:attachment":[{"href":"https:\/\/sandrabenavidescoach.com\/index.php\/wp-json\/wp\/v2\/media?parent=851"}],"wp:term":[{"taxonomy":"project_category","embeddable":true,"href":"https:\/\/sandrabenavidescoach.com\/index.php\/wp-json\/wp\/v2\/project_category?post=851"},{"taxonomy":"project_tag","embeddable":true,"href":"https:\/\/sandrabenavidescoach.com\/index.php\/wp-json\/wp\/v2\/project_tag?post=851"}],"curies":[{"name":"wp","href":"https:\/\/api.w.org\/{rel}","templated":true}]}}