{"id":887,"date":"2022-06-28T16:26:44","date_gmt":"2022-06-28T16:26:44","guid":{"rendered":"https:\/\/sandrabenavidescoach.com\/?post_type=project&#038;p=887"},"modified":"2022-06-28T16:33:37","modified_gmt":"2022-06-28T16:33:37","slug":"hablar-en-publico","status":"publish","type":"project","link":"https:\/\/sandrabenavidescoach.com\/index.php\/project\/hablar-en-publico\/","title":{"rendered":"HABLAR EN P\u00daBLICO"},"content":{"rendered":"<p>[et_pb_section fb_built=\u00bb1&#8243; disabled_on=\u00bboff|off|off\u00bb _builder_version=\u00bb4.17.3&#8243; _module_preset=\u00bbdefault\u00bb sticky_position=\u00bbnone\u00bb global_colors_info=\u00bb{}\u00bb][et_pb_row _builder_version=\u00bb4.16.1&#8243; _module_preset=\u00bbdefault\u00bb global_colors_info=\u00bb{}\u00bb][et_pb_column type=\u00bb4_4&#8243; _builder_version=\u00bb4.16.1&#8243; _module_preset=\u00bbdefault\u00bb global_colors_info=\u00bb{}\u00bb][et_pb_post_title meta=\u00bboff\u00bb featured_image=\u00bboff\u00bb _builder_version=\u00bb4.17.4&#8243; _module_preset=\u00bbdefault\u00bb title_font=\u00bb||||on||||\u00bb title_text_align=\u00bbcenter\u00bb title_text_color=\u00bb#DAC079&#8243; title_font_size=\u00bb19px\u00bb title_letter_spacing=\u00bb2px\u00bb text_orientation=\u00bbcenter\u00bb custom_padding=\u00bb21px||||false|false\u00bb global_colors_info=\u00bb{}\u00bb][\/et_pb_post_title][\/et_pb_column][\/et_pb_row][\/et_pb_section][et_pb_section fb_built=\u00bb1&#8243; _builder_version=\u00bb4.17.3&#8243; _module_preset=\u00bbdefault\u00bb background_color=\u00bb#ffffff\u00bb custom_margin=\u00bb0px||||false|false\u00bb custom_padding=\u00bb0px||||false|false\u00bb sticky_position=\u00bbnone\u00bb box_shadow_style=\u00bbpreset1&#8243; locked=\u00bboff\u00bb global_colors_info=\u00bb{}\u00bb][et_pb_row _builder_version=\u00bb4.17.3&#8243; _module_preset=\u00bbdefault\u00bb custom_margin=\u00bb0px||||false|false\u00bb custom_padding=\u00bb0px||||false|false\u00bb locked=\u00bboff\u00bb global_colors_info=\u00bb{}\u00bb][et_pb_column type=\u00bb4_4&#8243; _builder_version=\u00bb4.17.3&#8243; _module_preset=\u00bbdefault\u00bb custom_padding=\u00bb0px||||false|false\u00bb global_colors_info=\u00bb{}\u00bb][et_pb_text admin_label=\u00bbSubtitulo\u00bb _builder_version=\u00bb4.17.4&#8243; _module_preset=\u00bbdefault\u00bb custom_margin=\u00bb0px||||false|false\u00bb custom_padding=\u00bb0px||21px||false|false\u00bb global_colors_info=\u00bb{}\u00bb]<\/p>\n<h2 class=\"font_2\" style=\"text-align: center; color: #dac079; font-size: 30px; padding-top: 30px;\"><span>\u201c Quien comunica mejor gana\u201d<\/span><\/h2>\n<p>[\/et_pb_text][\/et_pb_column][\/et_pb_row][et_pb_row column_structure=\u00bb1_2,1_2&#8243; _builder_version=\u00bb4.17.4&#8243; _module_preset=\u00bbdefault\u00bb custom_padding=\u00bb0px||20px||false|false\u00bb global_colors_info=\u00bb{}\u00bb][et_pb_column type=\u00bb1_2&#8243; _builder_version=\u00bb4.16.1&#8243; _module_preset=\u00bbdefault\u00bb global_colors_info=\u00bb{}\u00bb][et_pb_image src=\u00bbhttp:\/\/sandrabenavidescoach.com\/wp-content\/uploads\/2022\/06\/imagen_2022-06-28_112942339.png\u00bb title_text=\u00bbimagen_2022-06-28_112942339&#8243; _builder_version=\u00bb4.17.4&#8243; _module_preset=\u00bbdefault\u00bb custom_padding=\u00bb20px||||false|false\u00bb hover_enabled=\u00bb0&#8243; global_colors_info=\u00bb{}\u00bb sticky_enabled=\u00bb0&#8243;][\/et_pb_image][\/et_pb_column][et_pb_column type=\u00bb1_2&#8243; _builder_version=\u00bb4.16.1&#8243; _module_preset=\u00bbdefault\u00bb global_colors_info=\u00bb{}\u00bb][et_pb_text _builder_version=\u00bb4.17.4&#8243; _module_preset=\u00bbdefault\u00bb custom_padding=\u00bb1px|||50px|false|false\u00bb global_colors_info=\u00bb{}\u00bb]Hablar con propiedad en p\u00fablico y realizar presentaciones efectivas se reconoce como t\u00e9cnica de oratoria o comunicaci\u00f3n eficaz, nos puede abrir muchas puertas y cerrar otras de no saber hacerlo. Todos estamos en capacidad de aprender y gestionar esta habilidad y recurso con la cual podr\u00e1s obtener grandes resultados a nivel profesional y social.  Aumentar\u00e1 tu credibilidad, confianza, conquistaras tu audiencia, crecer\u00e1n  las posibilidades en una entrevista  laboral o podr\u00e1s ascender profesionalmente  entre muchas otras.<br \/>\nHemos dise\u00f1ado un curso con docentes, expertos en comunicaci\u00f3n y  programaci\u00f3n neuroling\u00fc\u00edstica   en el que desarrollar\u00e1s habilidades para hablar ante un p\u00fablico objetivo: auditorio, presentaciones empresariales, one to one, transmisiones virtuales entre otras. Superando el miedo esc\u00e9nico y los nervios, aplicando t\u00e9cnicas en: Comunicaci\u00f3n verbal y no verbal que te adentrar\u00e1n en el maravilloso mundo del  \u201chabla asertivo\u201d<br \/>\nComunica como nunca antes lo hab\u00edas hecho.[\/et_pb_text][\/et_pb_column][\/et_pb_row][et_pb_row _builder_version=\u00bb4.17.4&#8243; _module_preset=\u00bbdefault\u00bb custom_padding=\u00bb0px||20px||false|false\u00bb global_colors_info=\u00bb{}\u00bb][et_pb_column type=\u00bb4_4&#8243; _builder_version=\u00bb4.16.1&#8243; _module_preset=\u00bbdefault\u00bb global_colors_info=\u00bb{}\u00bb][et_pb_text _builder_version=\u00bb4.17.4&#8243; _module_preset=\u00bbdefault\u00bb custom_padding=\u00bb|||50px|false|false\u00bb locked=\u00bboff\u00bb global_colors_info=\u00bb{}\u00bb]<\/p>\n<p style=\"font-weight: 400;\">\n<p style=\"font-weight: 400;\">\n<ul class=\"fa-ul\">\n<li><span class=\"fa-li\"><i class=\"fa-solid fa-check-square\"><\/i><\/span><span>100% PRACTICO<\/span><\/li>\n<li><span class=\"fa-li\"><i class=\"fa-solid fa-check-square\"><\/i><\/span><span>Presencial<\/span><\/li>\n<li><span class=\"fa-li\"><i class=\"fa-solid fa-check-square\"><\/i><\/span><span>Virtual<\/span><\/li>\n<\/ul>\n<p>[\/et_pb_text][\/et_pb_column][\/et_pb_row][\/et_pb_section][et_pb_section fb_built=\u00bb1&#8243; _builder_version=\u00bb4.17.4&#8243; _module_preset=\u00bbdefault\u00bb custom_margin=\u00bb||0px||false|false\u00bb custom_padding=\u00bb||||false|false\u00bb box_shadow_style=\u00bbpreset1&#8243; global_colors_info=\u00bb{}\u00bb][et_pb_row use_custom_gutter=\u00bbon\u00bb _builder_version=\u00bb4.17.4&#8243; _module_preset=\u00bbdefault\u00bb custom_padding=\u00bb20px||||false|false\u00bb locked=\u00bboff\u00bb global_colors_info=\u00bb{}\u00bb][et_pb_column type=\u00bb4_4&#8243; _builder_version=\u00bb4.16.1&#8243; _module_preset=\u00bbdefault\u00bb custom_padding=\u00bb|10px||0px|false|false\u00bb global_colors_info=\u00bb{}\u00bb][et_pb_button button_url=\u00bb#contacto\u00bb button_text=\u00bbComprar curso\u00bb button_alignment=\u00bbcenter\u00bb module_class=\u00bbboton-leer-mas1&#8243; _builder_version=\u00bb4.17.4&#8243; _module_preset=\u00bbdefault\u00bb custom_button=\u00bbon\u00bb button_text_size=\u00bb16px\u00bb button_text_color=\u00bb#666666&#8243; button_bg_color=\u00bb#DAC079&#8243; button_border_width=\u00bb0px\u00bb button_border_color=\u00bb#d8d8d8&#8243; button_border_radius=\u00bb0px\u00bb button_use_icon=\u00bboff\u00bb custom_margin=\u00bb||16px||false|false\u00bb custom_padding=\u00bb3px||3px||false|true\u00bb locked=\u00bboff\u00bb global_colors_info=\u00bb{}\u00bb button_text_color__hover_enabled=\u00bbon|hover\u00bb button_text_color__hover=\u00bb#e8e8e8&#8243; button_bg_color__hover_enabled=\u00bbon|desktop\u00bb button_bg_color__hover=\u00bbrgba(51,51,51,0.58)\u00bb button_bg_enable_color__hover=\u00bbon\u00bb][\/et_pb_button][\/et_pb_column][\/et_pb_row][\/et_pb_section][et_pb_section fb_built=\u00bb1&#8243; _builder_version=\u00bb4.17.3&#8243; _module_preset=\u00bbdefault\u00bb sticky_position=\u00bbnone\u00bb locked=\u00bboff\u00bb global_colors_info=\u00bb{}\u00bb][et_pb_row use_custom_gutter=\u00bbon\u00bb _builder_version=\u00bb4.17.3&#8243; _module_preset=\u00bbdefault\u00bb custom_padding=\u00bb20px||||false|false\u00bb locked=\u00bboff\u00bb global_colors_info=\u00bb{}\u00bb][et_pb_column type=\u00bb4_4&#8243; _builder_version=\u00bb4.16.1&#8243; _module_preset=\u00bbdefault\u00bb custom_padding=\u00bb|10px||0px|false|false\u00bb global_colors_info=\u00bb{}\u00bb][et_pb_text _builder_version=\u00bb4.17.4&#8243; _module_preset=\u00bbdefault\u00bb text_text_color=\u00bb#DAC079&#8243; custom_padding=\u00bb10px||30px||false|false\u00bb locked=\u00bboff\u00bb global_colors_info=\u00bb{}\u00bb]<\/p>\n<h2 style=\"text-align: center; font-size: 30px;\">M\u00c1S CURSOS<\/h2>\n<p>[\/et_pb_text][et_pb_portfolio fullwidth=\u00bboff\u00bb posts_number=\u00bb3&#8243; include_categories=\u00bb32&#8243; show_categories=\u00bboff\u00bb show_pagination=\u00bboff\u00bb _builder_version=\u00bb4.17.4&#8243; _module_preset=\u00bbdefault\u00bb title_text_align=\u00bbcenter\u00bb title_text_color=\u00bb#D8AF3C\u00bb title_font_size=\u00bb22px\u00bb custom_padding=\u00bb||20px||false|false\u00bb hover_enabled=\u00bb0&#8243; border_width_all_image=\u00bb5px\u00bb border_color_all_image=\u00bb#ffffff\u00bb global_colors_info=\u00bb{}\u00bb sticky_enabled=\u00bb0&#8243;][\/et_pb_portfolio][\/et_pb_column][\/et_pb_row][\/et_pb_section]<\/p>\n","protected":false},"excerpt":{"rendered":"<p>\u201c Quien comunica mejor gana\u201dHablar con propiedad en p\u00fablico y realizar presentaciones efectivas se reconoce como t\u00e9cnica de oratoria o comunicaci\u00f3n eficaz, nos puede abrir muchas puertas y cerrar otras de no saber hacerlo. Todos estamos en capacidad de aprender y gestionar esta habilidad y recurso con la cual podr\u00e1s obtener grandes resultados a nivel [&hellip;]<\/p>\n","protected":false},"author":1,"featured_media":894,"comment_status":"open","ping_status":"closed","template":"","meta":{"_et_pb_use_builder":"on","_et_pb_old_content":"[et_pb_section fb_built=\"1\" disabled_on=\"off|off|off\" _builder_version=\"4.17.3\" _module_preset=\"default\" sticky_position=\"none\" global_colors_info=\"{}\"][et_pb_row _builder_version=\"4.16.1\" _module_preset=\"default\" global_colors_info=\"{}\"][et_pb_column type=\"4_4\" _builder_version=\"4.16.1\" _module_preset=\"default\" global_colors_info=\"{}\"][et_pb_post_title meta=\"off\" featured_image=\"off\" _builder_version=\"4.17.4\" _module_preset=\"default\" title_font=\"||||on||||\" title_text_align=\"center\" title_text_color=\"#DAC079\" title_font_size=\"19px\" title_letter_spacing=\"2px\" text_orientation=\"center\" custom_padding=\"21px||||false|false\" global_colors_info=\"{}\"][\/et_pb_post_title][\/et_pb_column][\/et_pb_row][\/et_pb_section][et_pb_section fb_built=\"1\" _builder_version=\"4.17.3\" _module_preset=\"default\" background_color=\"#ffffff\" custom_margin=\"0px||||false|false\" custom_padding=\"0px||||false|false\" sticky_position=\"none\" box_shadow_style=\"preset1\" locked=\"off\" global_colors_info=\"{}\"][et_pb_row _builder_version=\"4.17.3\" _module_preset=\"default\" custom_margin=\"0px||||false|false\" custom_padding=\"0px||||false|false\" global_colors_info=\"{}\"][et_pb_column type=\"4_4\" _builder_version=\"4.17.3\" _module_preset=\"default\" custom_padding=\"0px||||false|false\" global_colors_info=\"{}\"][\/et_pb_column][\/et_pb_row][et_pb_row column_structure=\"1_2,1_2\" _builder_version=\"4.17.4\" _module_preset=\"default\" custom_padding=\"0px||20px||false|false\" global_colors_info=\"{}\"][et_pb_column type=\"1_2\" _builder_version=\"4.16.1\" _module_preset=\"default\" global_colors_info=\"{}\"][et_pb_image src=\"http:\/\/sandrabenavidescoach.com\/wp-content\/uploads\/2022\/06\/imagen_2022-06-23_193954823.png\" title_text=\"imagen_2022-06-23_193954823\" _builder_version=\"4.17.4\" _module_preset=\"default\" custom_padding=\"0px||||false|false\" global_colors_info=\"{}\"][\/et_pb_image][\/et_pb_column][et_pb_column type=\"1_2\" _builder_version=\"4.16.1\" _module_preset=\"default\" global_colors_info=\"{}\"][et_pb_text _builder_version=\"4.17.4\" _module_preset=\"default\" custom_padding=\"1px|||50px|false|false\" global_colors_info=\"{}\"]<p style=\"font-weight: 400;\">\u201cLa imagen profesional es nuestra embajadora visual, puede comunicar cosas sobre nosotros cuando no estamos presentes\u201d<span>\u00a0<\/span>El profesional de hoy necesita adquirir herramientas, pautas y estrategias, a partir de lineamientos y normas que lo hagan adaptable y visible a la coyuntura organizacional, para poder impactar en el mundo comercial, y alcanzar sus metas.\u00a0<\/p>\r\n<p style=\"font-weight: 400;\">*Brindamos herramientas para que puedas mostrar todos tus t\u00edtulos y capacidades a trav\u00e9s de la imagen. Aprender\u00e1s a gestionarla de una manera efectiva ya sea online u offline con<span>\u00a0<\/span>estrategias que te ayudaran a transmitir mejor tus mensajes, generando mayor recordaci\u00f3n en las personas con las que interact\u00faas y a vender mejor tu producto o servicio.<\/p>\r\n<p style=\"font-weight: 400;\">*proyectar\u00e1s una imagen<span>\u00a0<\/span>profesional, la cual mostrar\u00e1 tu potencial, carisma y lo mejor de tus conocimientos, as\u00ed mismo, generar mayor credibilidad y confianza hacia los dem\u00e1s, dando como resultado beneficios para tu entorno laboral, personal y\u00a0 marca.<\/p>\r\n<p style=\"font-weight: 400;\"><\/p>[\/et_pb_text][\/et_pb_column][\/et_pb_row][et_pb_row _builder_version=\"4.17.4\" _module_preset=\"default\" custom_padding=\"0px||20px||false|false\" global_colors_info=\"{}\"][et_pb_column type=\"4_4\" _builder_version=\"4.16.1\" _module_preset=\"default\" global_colors_info=\"{}\"][et_pb_text _builder_version=\"4.17.4\" _module_preset=\"default\" custom_padding=\"|||50px|false|false\" locked=\"off\" global_colors_info=\"{}\"]<p style=\"font-weight: 400;\">*Descubrir\u00e1s cuales son los c\u00f3digos de imagen que se deben proyectar en un \u00e1mbito corporativo y llegar\u00e1s a interpretarlos en tres<span>\u00a0<\/span>m\u00f3dulos: Apariencia, Comunicaci\u00f3n y Comportamiento.\u00a0 Te permitir\u00e1n conocer implementar y perfeccionar tus habilidades seg\u00fan tu cargo, profesi\u00f3n o aspiraciones.<\/p>\r\n<p style=\"font-weight: 400;\">Dirigido a: Todos los profesionales, equipos de trabajo. Directivos, due\u00f1os de negocios y emprendedores, que deseen conocer normas de comportamiento; etiqueta, protocolo. Comunicaci\u00f3n; verbal, no verbal, oratoria y presentaciones efectivas. C\u00f3digos de vestuario y correcto uso de los mismos.<span style=\"font-size: 16px;\"> \u00a0\u00a0<\/span><\/p>\r\n<p style=\"font-weight: 400;\"><\/p>\r\n<ul class=\"fa-ul\">\r\n<li><span class=\"fa-li\"><i class=\"fa-solid fa-check-square\"><\/i><\/span><span>Modalidad Virtual\u00a0 45 USD<\/span><\/li>\r\n<li><span class=\"fa-li\"><i class=\"fa-solid fa-check-square\"><\/i><\/span><span>Presencial (Capacitaciones a personal de empresas o grupos)<\/span><\/li>\r\n<li><span class=\"fa-li\"><i class=\"fa-solid fa-check-square\"><\/i><\/span><span>Duraci\u00f3n\u00a0\u00a0\u00a0 5 sesiones de 1 hora<\/span><\/li>\r\n\r\n<\/ul>[\/et_pb_text][\/et_pb_column][\/et_pb_row][\/et_pb_section][et_pb_section fb_built=\"1\" _builder_version=\"4.17.4\" _module_preset=\"default\" custom_margin=\"||0px||false|false\" custom_padding=\"||||false|false\" box_shadow_style=\"preset1\" global_colors_info=\"{}\"][et_pb_row use_custom_gutter=\"on\" _builder_version=\"4.17.4\" _module_preset=\"default\" custom_padding=\"20px||||false|false\" locked=\"off\" global_colors_info=\"{}\"][et_pb_column type=\"4_4\" _builder_version=\"4.16.1\" _module_preset=\"default\" custom_padding=\"|10px||0px|false|false\" global_colors_info=\"{}\"][et_pb_button button_url=\"#contacto\" button_text=\"Comprar curso\" button_alignment=\"center\" module_class=\"boton-leer-mas1\" _builder_version=\"4.17.4\" _module_preset=\"default\" custom_button=\"on\" button_text_size=\"16px\" button_text_color=\"#666666\" button_bg_color=\"#DAC079\" button_border_width=\"0px\" button_border_color=\"#d8d8d8\" button_border_radius=\"0px\" button_use_icon=\"off\" custom_margin=\"||16px||false|false\" custom_padding=\"3px||3px||false|true\" locked=\"off\" global_colors_info=\"{}\" button_text_color__hover_enabled=\"on|hover\" button_text_color__hover=\"#e8e8e8\" button_bg_color__hover_enabled=\"on|desktop\" button_bg_color__hover=\"rgba(51,51,51,0.58)\" button_bg_enable_color__hover=\"on\"][\/et_pb_button][\/et_pb_column][\/et_pb_row][\/et_pb_section][et_pb_section fb_built=\"1\" _builder_version=\"4.17.3\" _module_preset=\"default\" sticky_position=\"none\" locked=\"off\" global_colors_info=\"{}\"][et_pb_row use_custom_gutter=\"on\" _builder_version=\"4.17.3\" _module_preset=\"default\" custom_padding=\"20px||||false|false\" hover_enabled=\"0\" locked=\"off\" global_colors_info=\"{}\" sticky_enabled=\"0\"][et_pb_column type=\"4_4\" _builder_version=\"4.16.1\" _module_preset=\"default\" custom_padding=\"|10px||0px|false|false\" global_colors_info=\"{}\"][et_pb_text _builder_version=\"4.17.4\" _module_preset=\"default\" text_text_color=\"#DAC079\" custom_padding=\"10px||30px||false|false\" locked=\"off\" global_colors_info=\"{}\"]<h2 style=\"text-align: center; font-size: 30px;\">M\u00c1S CURSOS<\/h2>[\/et_pb_text][et_pb_portfolio fullwidth=\"off\" posts_number=\"4\" include_categories=\"32\" show_categories=\"off\" show_pagination=\"off\" _builder_version=\"4.17.4\" _module_preset=\"default\" title_text_align=\"center\" title_text_color=\"#D8AF3C\" title_font_size=\"22px\" custom_padding=\"||20px||false|false\" hover_enabled=\"0\" global_colors_info=\"{}\" sticky_enabled=\"0\" border_width_all_image=\"5px\" border_color_all_image=\"#ffffff\"][\/et_pb_portfolio][\/et_pb_column][\/et_pb_row][\/et_pb_section]","_et_gb_content_width":"","footnotes":""},"project_category":[32],"project_tag":[],"class_list":["post-887","project","type-project","status-publish","has-post-thumbnail","hentry","project_category-cursos"],"jetpack_sharing_enabled":true,"_links":{"self":[{"href":"https:\/\/sandrabenavidescoach.com\/index.php\/wp-json\/wp\/v2\/project\/887","targetHints":{"allow":["GET"]}}],"collection":[{"href":"https:\/\/sandrabenavidescoach.com\/index.php\/wp-json\/wp\/v2\/project"}],"about":[{"href":"https:\/\/sandrabenavidescoach.com\/index.php\/wp-json\/wp\/v2\/types\/project"}],"author":[{"embeddable":true,"href":"https:\/\/sandrabenavidescoach.com\/index.php\/wp-json\/wp\/v2\/users\/1"}],"replies":[{"embeddable":true,"href":"https:\/\/sandrabenavidescoach.com\/index.php\/wp-json\/wp\/v2\/comments?post=887"}],"version-history":[{"count":0,"href":"https:\/\/sandrabenavidescoach.com\/index.php\/wp-json\/wp\/v2\/project\/887\/revisions"}],"wp:featuredmedia":[{"embeddable":true,"href":"https:\/\/sandrabenavidescoach.com\/index.php\/wp-json\/wp\/v2\/media\/894"}],"wp:attachment":[{"href":"https:\/\/sandrabenavidescoach.com\/index.php\/wp-json\/wp\/v2\/media?parent=887"}],"wp:term":[{"taxonomy":"project_category","embeddable":true,"href":"https:\/\/sandrabenavidescoach.com\/index.php\/wp-json\/wp\/v2\/project_category?post=887"},{"taxonomy":"project_tag","embeddable":true,"href":"https:\/\/sandrabenavidescoach.com\/index.php\/wp-json\/wp\/v2\/project_tag?post=887"}],"curies":[{"name":"wp","href":"https:\/\/api.w.org\/{rel}","templated":true}]}}